{"id":625,"date":"2020-09-20T00:23:55","date_gmt":"2020-09-19T21:23:55","guid":{"rendered":"https:\/\/marianascimento.com.br\/?page_id=625"},"modified":"2022-07-10T22:19:07","modified_gmt":"2022-07-10T19:19:07","slug":"equipe","status":"publish","type":"page","link":"http:\/\/marianascimento.com.br\/?page_id=625","title":{"rendered":"Curriculum"},"content":{"rendered":"\n<figure class=\"wp-block-gallery columns-1 is-cropped wp-block-gallery-1 is-layout-flex wp-block-gallery-is-layout-flex\"><ul class=\"blocks-gallery-grid\"><li class=\"blocks-gallery-item\"><figure><img fetchpriority=\"high\" decoding=\"async\" width=\"300\" height=\"300\" src=\"http:\/\/marianascimento.com.br\/wp-content\/uploads\/2021\/11\/Maria-Nascimento-11-300x300.jpg\" alt=\"\" data-id=\"806\" data-full-url=\"http:\/\/marianascimento.com.br\/wp-content\/uploads\/2021\/11\/Maria-Nascimento-11-scaled.jpg\" data-link=\"https:\/\/marianascimento.com.br\/maria-nascimento-11\/\" class=\"wp-image-806\" srcset=\"http:\/\/marianascimento.com.br\/wp-content\/uploads\/2021\/11\/Maria-Nascimento-11-300x300.jpg 300w, http:\/\/marianascimento.com.br\/wp-content\/uploads\/2021\/11\/Maria-Nascimento-11-1024x1024.jpg 1024w, http:\/\/marianascimento.com.br\/wp-content\/uploads\/2021\/11\/Maria-Nascimento-11-150x150.jpg 150w, http:\/\/marianascimento.com.br\/wp-content\/uploads\/2021\/11\/Maria-Nascimento-11-768x768.jpg 768w, http:\/\/marianascimento.com.br\/wp-content\/uploads\/2021\/11\/Maria-Nascimento-11-1536x1536.jpg 1536w, http:\/\/marianascimento.com.br\/wp-content\/uploads\/2021\/11\/Maria-Nascimento-11-2048x2048.jpg 2048w\" sizes=\"(max-width: 300px) 100vw, 300px\" \/><\/figure><\/li><\/ul><\/figure>\n\n\n\n<p>Nascida em 1968 na Cidade de Natal-RN, a Potiguar Maria Nascimento tem duas filhas e dedica-se \u00e0 fam\u00edlia e \u00e0 carreira.  Morou em diversas cidades do Brasil e tr\u00eas anos na Cidade de Los Alamos no Novo M\u00e9xico. Entre suas paix\u00f5es est\u00e3o as Ci\u00eancias, as Artes em geral, e a Cultura nas viagens e nos livros. Estuda violino e ama viajar. <\/p>\n\n\n\n<p>MSc. em Ci\u00eancias Farmac\u00eauticas, Bacharel e T\u00e9cnica em Qu\u00edmica. Especialista em Qu\u00edmica de Produtos Naturais e Planejamento de F\u00e1rmacos. Cientista independente, empres\u00e1ria, CEO e Respons\u00e1vel T\u00e9cnica da Empresa <a href=\"https:\/\/mncienciaearte.com.br\/\" target=\"_blank\" rel=\"noreferrer noopener\">MN Ci\u00eancia e Arte Ltda<\/a> criada por ela em 2018. Suspendeu a defesa da Tese de Doutorado e afastou-se por alguns anos da academia por quest\u00f5es de luta no combate \u00e0 Viol\u00eancia Dom\u00e9stica. Retoma em 2020 \u00e0s atividades como Qu\u00edmica e Respons\u00e1vel T\u00e9cnica de sua empresa ap\u00f3s diversos cursos de capacita\u00e7\u00e3o. Em Mar\u00e7o de 2022 deixa temporariamente o cargo de Respons\u00e1vel T\u00e9cnica da empresa para dedicar mais tempo ao retorno \u00e0 vida acad\u00eamica e aos estudos em Tecnologia da Informa\u00e7\u00e3o. Com isso, enquanto Diretora Executiva, reestrutura as atividades e servi\u00e7os da MN Ci\u00eancia e Arte Ltda. Assina contrato com o <a href=\"https:\/\/itcbio.org\/pt\/\" target=\"_blank\" rel=\"noreferrer noopener\">ITCBio<\/a> \/PE e passa a atuar em Pesquisas de Biotecnologia com foco em patentes.<\/p>\n\n\n\n<p>Estudou Direito alguns anos para defender causas pessoais de um lit\u00edgio de sete anos e foi estagi\u00e1ria do TJRJ no Cart\u00f3rio da segunda Vara da Inf\u00e2ncia antes de assumir cargo de Planejadora em Compras P\u00fablicas no Departamento de Material do <a href=\"https:\/\/www.marinha.mil.br\/amrj\/\" target=\"_blank\" rel=\"noreferrer noopener\">Arsenal de Marinha do Rio de Janeiro<\/a> como funcion\u00e1ria da <a href=\"https:\/\/www.marinha.mil.br\/emgepron\/pt-br\">EMGEPRON ( EMPRESA GERENCIAL DE PROJETOS NAVAIS)<\/a>. Adquiriu experi\u00eancia em licita\u00e7\u00f5es e compras p\u00fablicas trabalhando junto aos Fiscais de Contratos na compra de diversos materiais deste setor, entre eles Produtos Qu\u00edmicos, Madeiras, Tintas Navais, Insumos de Fundi\u00e7\u00e3o, Material de Expediente, Material de Limpeza, Material El\u00e9trico, entre outros (2013-2017). Conquistou os pr\u00eamios &#8220;CRIATIVIDADE 2014&#8221; do AMRJ e &#8220;CONCURSO DE ARTIGOS T\u00c9CNICOS DO SSPM&#8221;, finalmente ap\u00f3s homenagens da PAPEM, recebeu a <a href=\"https:\/\/www.marinha.mil.br\/noticias\/com1odn-realiza-cerimonia-amigos-da-marinha\" target=\"_blank\" rel=\"noreferrer noopener\">MEDALHA AMIGO DA MARINHA<\/a> em 2017.<\/p>\n\n\n\n<p>Artista, Marchand, Curadora e Arte-educadora, desde muito jovem desenvolve sua carreira profissional de Ci\u00eancias Qu\u00edmicas e Farmac\u00eauticas em meio \u00e0s artes. Dedica-se desde 2006 \u00e0 t\u00e9cnica de desenho com carv\u00e3o guiada pela Professora Silvia Matos de Campinas-SP, e atua como comerciante de obras de arte desde 2017, hoje na loja <a href=\"https:\/\/www.biohubmarket.com\/lojas\/21\/maria-nascimento-ciencia-e-arte\" target=\"_blank\" rel=\"noreferrer noopener\">Biohub Market<\/a>. Apaixonada por Desenho de Hist\u00f3ria e Patrim\u00f4nio com diversas obras retratando institui\u00e7\u00f5es importantes como o Arsenal de Marinha, o Complexo Naval Potiguar, alguns de nossos navios e o Anfiteatro da USP em S\u00e3o Carlos-SP por exemplo. Sua exposi\u00e7\u00e3o mais importante foi a &#8220;<a href=\"https:\/\/g1.globo.com\/sp\/sao-carlos-regiao\/noticia\/usp-sao-carlos-promove-exposicao-sobre-a-ilha-das-cobras.ghtml\" target=\"_blank\" rel=\"noreferrer noopener\">ILHA DAS COBRAS<\/a>&#8221; uma itinerante Rio-S\u00e3o Paulo em 2017. Foi Diretora Cultural SOAMAR RN (2018-2019) e Arte Educadora na ent\u00e3o Oficina Cultural S\u00e9rgio Buarque de Holanda- S\u00e3o Carlos-SP (2009). Foi ent\u00e3o membro da SOAMAR RN e <a href=\"https:\/\/soamarsantos.com.br\/\">SOAMAR SP<\/a> (2017 a 2021).<\/p>\n\n\n\n<h2 class=\"wp-block-heading\"><strong>Atividades recentes:<\/strong><\/h2>\n\n\n\n<p>Em 2021 iniciou uma nova fase na MN Ci\u00eancia e Arte Ltda com o E-commerce Sustent\u00e1vel na plataforma <a href=\"https:\/\/www.biohubmarket.com\/lojas\/21\/maria-nascimento-ciencia-e-arte\" target=\"_blank\" rel=\"noreferrer noopener\">Biohub Market<\/a>. Pelo segundo ano consecutivo faz parte do <a href=\"https:\/\/polobs.pt\/estudo\/cultura-e-desenvolvimento-projetos-culturais-e-a-agenda-2030\/\" target=\"_blank\" rel=\"noreferrer noopener\">Projeto de Oficinas de Projetos Culturais da Universidade do Minho- Portugal<\/a> (2021\/2022).<\/p>\n\n\n\n<p>Durante a Pandemia participou de dezenas de curso de capacita\u00e7\u00e3o entre Congressos, Workshops, oficinas, cursos de extens\u00e3o universit\u00e1ria e cursos t\u00e9cnicos nas \u00e1reas de Qu\u00edmica, Farm\u00e1cia, Sustentabilidade, Empreendedorismo e Tecnologia da Informa\u00e7\u00e3o. Voltou a programar e estar\u00e1 retornando aos trabalhos cient\u00edficos te\u00f3ricos em 2022.<\/p>\n\n\n\n<p>Foram in\u00fameras negocia\u00e7\u00f5es, reuni\u00f5es e projetos executados, em andamento e em fase de implementa\u00e7\u00e3o.<\/p>\n\n\n\n<p>Executou a oficina de Desenho com Carv\u00e3o do Edital 2020 do CEMAC S\u00e3o Carlos e estudou m\u00fasica na <a href=\"http:\/\/www.escolaritmo.com.br\/\" target=\"_blank\" rel=\"noreferrer noopener\">Ritmo Conservat\u00f3rio- S\u00e3o Carlos<\/a>, e hoje \u00e9 estudante de violino da <a href=\"https:\/\/aasaocarlos.com.br\/elmjs\/\" target=\"_blank\" rel=\"noreferrer noopener\">Escola Livre de M\u00fasica Maestro Jo\u00e3o Sepe -S\u00e3o Carlos<\/a>, acrescentando definitivamente esse novo instrumento \u00e0 sua vida, o violino.<\/p>\n\n\n\n<p>Mergulhou nas ra\u00edzes e na ancestralidade estudando L\u00ednguas Tupi na <a href=\"https:\/\/www.facebook.com\/Universidade-Ind%C3%ADgena-Aldeia-Maracan%C3%A3-401122696631596\/\" target=\"_blank\" rel=\"noreferrer noopener\">Universidade Ind\u00edgena Maracan\u00e3<\/a> com o Professor Urutau no segundo semestre de 2021. esta experi\u00eancia inspirou seu primeiro conto publicado pela Editora Pontes no livro &#8220;<a href=\"http:\/\/ponteseditores.com.br\/loja\/index.php?route=product\/product&amp;product_id=1608\" target=\"_blank\" rel=\"noreferrer noopener\">SOBRE NOSSAS AV\u00d3S<\/a>&#8221; que \u00e9 uma homenagem a sua av\u00f3 paterna, V\u00f3 Tiquinha (Francisca).<\/p>\n\n\n\n<p>Publicou assim em 2022 seu primeiro conto pela Editora Pontes em uma Colet\u00e2nea, teve artigos, textos e desenhos publicados em revistas de artes e ci\u00eancias (As Pensadoras, Arte &amp; Estilo e Italiamiga).<\/p>\n\n\n\n<p>Fortaleceu seu patrim\u00f4nio intelectual e autoral, bem como seu legado, com a conquista de sua marca registrada Maria Nascimento, agora protegida no INPI e acompanhar\u00e1 obras e cria\u00e7\u00f5es diversas com seu nome. Possui seus textos e cria\u00e7\u00f5es registrados, bem como os dom\u00ednios, marcas e logos que criou nos \u00faltimos anos.<\/p>\n\n\n\n<p>Em parceria com o Professor PhD Ant\u00f4nio Jos\u00e9 Alves organiza o <a href=\"https:\/\/www.even3.com.br\/congintersaudeinovacao2022\/\">I CONGRESSO INTERNACIONAL DE AN\u00c1LISE E PESQUISA CL\u00cdNICA INOVA\u00c7\u00c3O QUE GERA O DESENVOLVIMENTO<\/a> que se realizou em Jan\/2022. Faz parte de n\u00facleos de Inova\u00e7\u00e3o importantes como o <a href=\"https:\/\/www.montenegrolabs.com\/\" target=\"_blank\" rel=\"noreferrer noopener\">InCaas<\/a>. Seu interesse \u00e9 em projetos nas \u00e1reas de Planejamento de f\u00e1rmacos e Qu\u00edmica de Plantas Medicinais. Assim, em 2022 organizou o <a href=\"https:\/\/www.even3.com.br\/congintersaudeinovacao2022\/\" target=\"_blank\" rel=\"noreferrer noopener\">CONPESCLIN 2022<\/a> que teve seu encerramento no \u00faltimo dia 10 de Fevereiro. O I CONPESCLIN 2022 foi idealizado e Coordenado pelo Professor Dr. Ant\u00f4nio Jos\u00e9 Alves da Empresa <a href=\"https:\/\/maxiclinicamedica.com.br\/\" target=\"_blank\" rel=\"noreferrer noopener\">MAXICL\u00cdNICA<\/a> teve como objetivo promover e trazer recursos para as Pesquisas Cl\u00ednicas voltadas para o uso de cannabis medicinal nos tratamentos de autismo, Parkinson e Alzheimer. <\/p>\n\n\n\n<p>Prepara-se agora para Coordenar o <a href=\"https:\/\/workinovas.com.br\/\" target=\"_blank\" rel=\"noreferrer noopener\">II Workinovas &#8211; Workshop de Inova\u00e7\u00e3o em Sa\u00fade de 2022<\/a>, evento em sua segunda vers\u00e3o que ter\u00e1 o lan\u00e7amento da Revista WORKINOVAS. J\u00e1 com diversos palestrantes confirmados.<\/p>\n\n\n\n<p>Doutoranda em Biotecnologia do Programa RENORBIO pela Nucleadora UFRPE, o evento ter\u00e1 como foco a Biotecnologia e o Desenvolvimento em Sa\u00fade.<\/p>\n\n\n\n<p><\/p>\n\n\n\n<h2 class=\"wp-block-heading\"><strong>Redes acad\u00eamicas:<\/strong><\/h2>\n\n\n\n<p><a href=\"http:\/\/lattes.cnpq.br\/0946116788223210\" target=\"_blank\" rel=\"noreferrer noopener\">Lattes<\/a><\/p>\n\n\n\n<p><a rel=\"noreferrer noopener\" href=\"https:\/\/orcid.org\/0000-0002-7215-9120\" target=\"_blank\">ORCID<\/a><\/p>\n\n\n\n<p><a href=\"https:\/\/publons.com\/researcher\/2936894\/maria-da-paz-ferreira-do-nascimento\/\">Publons<\/a><\/p>\n\n\n\n<p><a href=\"http:\/\/researchgate.net\/profile\/Maria_Da_Paz_Ferreira_Nascimento (abrir em uma nova aba)\" target=\"_blank\" rel=\"noreferrer noopener\">ResearchGate<\/a><\/p>\n\n\n\n<p><a href=\"https:\/\/publons.com\/researcher\/1840550\/maria-da-paz-ferreira-do-nascimento\/\" target=\"_blank\" rel=\"noreferrer noopener\">ResearchID<\/a><\/p>\n\n\n\n<p><a rel=\"noreferrer noopener\" href=\"https:\/\/www.linkedin.com\/in\/maria-da-paz-ferreira-do-nascimento-624a6746\" target=\"_blank\">LinkedIn<\/a><\/p>\n\n\n\n<p><\/p>\n\n\n\n<h2 class=\"wp-block-heading\"> <strong>Alguns artigos e produ\u00e7\u00e3o t\u00e9cnica\/cient\u00edfica:<\/strong> <\/h2>\n\n\n\n<p><strong>M D P F Nascimento\/MDPN Moreno &#8211; Nomes acad\u00eamicos<\/strong><\/p>\n\n\n\n<p> Acesse os links e conhe\u00e7a um pouco mais sobre o que foi desenvolvido por Maria Nascimento em diversas universidades em parceria e enquanto obtinha sua forma\u00e7\u00e3o acad\u00eamica, bem como seus trabalhos independentes.<\/p>\n\n\n\n<p><strong><a href=\"http:\/\/portaldeperiodicos.marinha.mil.br\/index.php\/psicologiamilitar\/article\/view\/772\/762\" target=\"_blank\" rel=\"noreferrer noopener\">Clima Organizacional e suas Implica\u00e7\u00f5es no Ambiente de Trabalho &#8211; 2014<\/a><\/strong><\/p>\n\n\n\n<p><strong><a href=\"https:\/\/www.scielo.br\/j\/rbfar\/a\/Xw6h3nv7wCHj9w5Dpcf6rdj\/?lang=en\" target=\"_blank\" rel=\"noreferrer noopener\">Vasorelaxant effect of Hyptis fruticosa Salzm. ex Benth., Lamiaceae, dichloromethane extract on rat mesenteric artery &#8211; 2010<\/a><\/strong><\/p>\n\n\n\n<p><strong><a href=\"https:\/\/www.scielo.br\/j\/qn\/a\/d8BZTB3nzTKqYLrbwd67QrF\/?lang=en#\" target=\"_blank\" rel=\"noreferrer noopener\">Chemical composition and antimicrobial activity of the essential oil of Hyptis pectinata (l.) Poit. &#8211; 2008<\/a><\/strong><\/p>\n\n\n\n<p><strong><span class=\"has-inline-color has-vivid-cyan-blue-color\">Antinociceptive and antiedematogenic effects of the aqueous extract of Hyptis pectinata leaves in experimental animals. -2001<\/span><\/strong><\/p>\n\n\n\n<p><span class=\"has-inline-color has-vivid-cyan-blue-color\"><strong><a href=\"https:\/\/www.academia.edu\/794997\/Desenvolvimento_do_algoritmo_de_classifica%C3%A7%C3%A3o_hier%C3%A1rquica_Winclus_e_aplica%C3%A7%C3%A3o_%C3%A0_s%C3%A9rie_de_derivados_indol_2_carboxilato\" target=\"_blank\" rel=\"noreferrer noopener\">Desenvolvimento do algoritmo de classificacao hierarquica (Winclus) e aplicacao a serie de derivados indol-2-carboxilato- 2001<\/a><\/strong><\/span><\/p>\n\n\n\n<p><strong><a href=\"https:\/\/onlinelibrary.wiley.com\/doi\/10.1002\/(SICI)1099-1573(199906)13:4%3C352::AID-PTR452%3E3.0.CO;2-T\" target=\"_blank\" rel=\"noreferrer noopener\">Antiinflammatory activity and acute toxicity (LD50) of the juice of Kalanchoe brasiliensis (comb.) leaves picked before and during blooming &#8211; 1999<\/a><\/strong><\/p>\n\n\n\n<p><a href=\"http:\/\/quimicanova.sbq.org.br\/default.asp?ed=155\" target=\"_blank\" rel=\"noreferrer noopener\"><strong>Algoritmo de Classifica\u00e7\u00e3o Hier\u00e1rquica aplicado ao planejamento de f\u00e1rmacos &#8211; 1996<\/strong><\/a><\/p>\n\n\n\n<h2 class=\"wp-block-heading\"><strong>Publica\u00e7\u00f5es Liter\u00e1rias<\/strong> <\/h2>\n\n\n\n<p><a href=\"http:\/\/ponteseditores.com.br\/loja\/index.php?route=product\/product&amp;product_id=1608\" target=\"_blank\" rel=\"noreferrer noopener\"><strong>Conto &#8220;Francisca&#8221; &#8211; SOBRE NOSSAS AV\u00d3S&#8221; pag 270<\/strong><\/a><\/p>\n\n\n\n<figure class=\"wp-block-image size-full\"><img decoding=\"async\" width=\"596\" height=\"493\" src=\"http:\/\/marianascimento.com.br\/wp-content\/uploads\/2022\/01\/nossas-avos-PONTES.jpeg\" alt=\"\" class=\"wp-image-1048\" srcset=\"http:\/\/marianascimento.com.br\/wp-content\/uploads\/2022\/01\/nossas-avos-PONTES.jpeg 596w, http:\/\/marianascimento.com.br\/wp-content\/uploads\/2022\/01\/nossas-avos-PONTES-300x248.jpeg 300w\" sizes=\"(max-width: 596px) 100vw, 596px\" \/><\/figure>\n\n\n\n<h2 class=\"wp-block-heading\"><strong>Publica\u00e7\u00f5es Art\u00edsticas &#8211; Revistas Arte\/Cultura<\/strong><\/h2>\n\n\n\n<h2 class=\"wp-block-heading\">Revista ITALIAMIGA 2020<\/h2>\n\n\n\n<figure class=\"wp-block-image size-large\"><img decoding=\"async\" width=\"724\" height=\"1024\" src=\"http:\/\/marianascimento.com.br\/wp-content\/uploads\/2022\/01\/Documento_2022-01-18_150719-724x1024.jpg\" alt=\"\" class=\"wp-image-1047\" srcset=\"http:\/\/marianascimento.com.br\/wp-content\/uploads\/2022\/01\/Documento_2022-01-18_150719-724x1024.jpg 724w, http:\/\/marianascimento.com.br\/wp-content\/uploads\/2022\/01\/Documento_2022-01-18_150719-212x300.jpg 212w, http:\/\/marianascimento.com.br\/wp-content\/uploads\/2022\/01\/Documento_2022-01-18_150719-768x1086.jpg 768w, http:\/\/marianascimento.com.br\/wp-content\/uploads\/2022\/01\/Documento_2022-01-18_150719-1086x1536.jpg 1086w, http:\/\/marianascimento.com.br\/wp-content\/uploads\/2022\/01\/Documento_2022-01-18_150719-1448x2048.jpg 1448w, http:\/\/marianascimento.com.br\/wp-content\/uploads\/2022\/01\/Documento_2022-01-18_150719-scaled.jpg 1811w\" sizes=\"(max-width: 724px) 100vw, 724px\" \/><\/figure>\n\n\n\n<h2 class=\"wp-block-heading\">Revista ITALIAMIGA<strong> 2021<\/strong><\/h2>\n\n\n\n<figure class=\"wp-block-image size-large\"><img loading=\"lazy\" decoding=\"async\" width=\"1024\" height=\"739\" src=\"http:\/\/marianascimento.com.br\/wp-content\/uploads\/2022\/01\/WhatsApp-Image-2022-01-18-at-07.14.39-1024x739.jpeg\" alt=\"\" class=\"wp-image-1049\" srcset=\"http:\/\/marianascimento.com.br\/wp-content\/uploads\/2022\/01\/WhatsApp-Image-2022-01-18-at-07.14.39-1024x739.jpeg 1024w, http:\/\/marianascimento.com.br\/wp-content\/uploads\/2022\/01\/WhatsApp-Image-2022-01-18-at-07.14.39-300x217.jpeg 300w, http:\/\/marianascimento.com.br\/wp-content\/uploads\/2022\/01\/WhatsApp-Image-2022-01-18-at-07.14.39-768x555.jpeg 768w, http:\/\/marianascimento.com.br\/wp-content\/uploads\/2022\/01\/WhatsApp-Image-2022-01-18-at-07.14.39.jpeg 1245w\" sizes=\"(max-width: 1024px) 100vw, 1024px\" \/><\/figure>\n","protected":false},"excerpt":{"rendered":"<p>Nascida em 1968 na Cidade de Natal-RN, a Potiguar Maria Nascimento tem duas filhas e dedica-se \u00e0 fam\u00edlia e \u00e0 carreira. Morou em diversas cidades do Brasil e tr\u00eas anos na Cidade de Los Alamos no Novo M\u00e9xico. Entre suas paix\u00f5es est\u00e3o as Ci\u00eancias, as Artes em geral, e a Cultura nas viagens e nos&hellip;<\/p>\n","protected":false},"author":1,"featured_media":0,"parent":0,"menu_order":0,"comment_status":"closed","ping_status":"closed","template":"","meta":{"footnotes":""},"class_list":["post-625","page","type-page","status-publish","hentry"],"_links":{"self":[{"href":"http:\/\/marianascimento.com.br\/index.php?rest_route=\/wp\/v2\/pages\/625","targetHints":{"allow":["GET"]}}],"collection":[{"href":"http:\/\/marianascimento.com.br\/index.php?rest_route=\/wp\/v2\/pages"}],"about":[{"href":"http:\/\/marianascimento.com.br\/index.php?rest_route=\/wp\/v2\/types\/page"}],"author":[{"embeddable":true,"href":"http:\/\/marianascimento.com.br\/index.php?rest_route=\/wp\/v2\/users\/1"}],"replies":[{"embeddable":true,"href":"http:\/\/marianascimento.com.br\/index.php?rest_route=%2Fwp%2Fv2%2Fcomments&post=625"}],"version-history":[{"count":0,"href":"http:\/\/marianascimento.com.br\/index.php?rest_route=\/wp\/v2\/pages\/625\/revisions"}],"wp:attachment":[{"href":"http:\/\/marianascimento.com.br\/index.php?rest_route=%2Fwp%2Fv2%2Fmedia&parent=625"}],"curies":[{"name":"wp","href":"https:\/\/api.w.org\/{rel}","templated":true}]}}