{"id":7,"date":"2020-02-02T12:45:47","date_gmt":"2020-02-02T12:45:47","guid":{"rendered":"https:\/\/marianascimento.com.br\/?page_id=7"},"modified":"2023-12-18T18:01:48","modified_gmt":"2023-12-18T15:01:48","slug":"sobre","status":"publish","type":"page","link":"https:\/\/marianascimento.com.br\/","title":{"rendered":"Maria Nascimento\u00ae"},"content":{"rendered":"\n<h1 class=\"has-text-align-center has-text-color wp-block-heading\" style=\"color:#093669\"><strong>Biografia<\/strong><\/h1>\n\n\n\n<p class=\"has-text-align-center has-very-dark-gray-color has-text-color has-medium-font-size\">Potiguar, nascida em 25 de outubro de 1968 em Natal-RN, afro-amer\u00edndia de ra\u00edzes paternas ind\u00edgena da Cidade de Mossor\u00f3-RN e materna Africanas do Estado da Para\u00edba, concluiu o t\u00e9cnico em Qu\u00edmica ainda na adolesc\u00eancia na Escola Estadual Professor Francisco Ivo Cavalcante\/RN e logo ingressou na UFRN-Universidade Federal do Rio Grande do Norte\/RN no Curso de Qu\u00edmica Bacharelado em 1986, dando assim  in\u00edcio a sua carreira acad\u00eamica. <\/p>\n\n\n\n<p class=\"has-text-align-center has-very-dark-gray-color has-text-color has-medium-font-size\">Com Mestrado em Ci\u00eancias Farmac\u00eauticas pela UFPE, passou a atuar nas \u00e1reas de Planejamento e S\u00edntese de F\u00e1rmacos, com interesses emprograma\u00e7\u00e3o e desenvolvimento de software. <\/p>\n\n\n\n<p class=\"has-text-align-center has-very-dark-gray-color has-text-color has-medium-font-size\">Desenvolve pesquisas na \u00e1rea de Qu\u00edmica de Produtos Naturais com foco em Plantas Medicinais. Experi\u00eancia de ensino em disciplinas como Qu\u00edmica, Farmacognosia, fitoqu\u00edmica e enzimologia em algumas universidades. <\/p>\n\n\n\n<p class=\"has-text-align-center has-very-dark-gray-color has-text-color has-medium-font-size\">Doutoranda em Biotecnologia no Programa <a href=\"https:\/\/renorbio.org\/renorbio\/unidades\" target=\"_blank\" rel=\"noreferrer noopener\"><span class=\"has-inline-color has-vivid-cyan-blue-color\">RENORBIO<\/span><\/a> com orienta\u00e7\u00e3o pela nucleadora UFRPE- Universidade Federal Rural de Pernambuco\/PE em parceria e co-orienta\u00e7\u00e3o da UFSCar- Universidade Federal de S\u00e3o Carlos\/SP , desenvolve tese no Laborat\u00f3rio de Produtos Naturais. Tem parceria firmada como Qu\u00edmica com o <span class=\"has-inline-color has-vivid-cyan-blue-color\"><a href=\"https:\/\/itcbio.org\/pt\/\">ITCBio\/PE<\/a><\/span> nas \u00e1reas de biotecnologia com Inova\u00e7\u00e3o e sustentabilidade.<\/p>\n\n\n\n<p class=\"has-text-align-center has-very-dark-gray-color has-text-color has-medium-font-size\">M\u00e3e de duas filhas, administra a vida dom\u00e9stica em fam\u00edlia e a carreira art\u00edstica e acad\u00eamica faz mais de duas d\u00e9cadas, al\u00e9m das ci\u00eancias, gosta de culin\u00e1ria multicultural, m\u00fasica, cinema e artes em geral. Ama viajar e conhecer lugares e culturas diferentes, teve a oportunidade de morar e visitar diversos Estados, e alguns pa\u00edses, inclusive passou tr\u00eas anos no exterior. Continuar\u00e1 buscando novas viagens seja qual for o motivo, trazem sempre conhecimento.<\/p>\n\n\n\n<p class=\"has-text-align-center has-very-dark-gray-color has-text-color has-medium-font-size\">Foi CEO e s\u00f3cia fundadora da  Empresa <a href=\"https:\/\/mncienciaearte.com.br\/\" target=\"_blank\" rel=\"noreferrer noopener\">MN Ci\u00eancia e Arte Ltda\u00ae<\/a>  hoje marca registrada, que teve in\u00edcio como MEI em 2017, tornando-se Sociedade Ltda somente em 2021, onde Maria Nascimento era respons\u00e1vel por todas as atividades a frente da diretoria executiva como elaborar e executar projetos de arte e cultura.<\/p>\n\n\n\n<p class=\"has-text-align-center has-very-dark-gray-color has-text-color has-medium-font-size\"> Hoje atua como Qu\u00edmica de projetos e patentes apenas fora da empresa. Entre essas atividades como Qu\u00edmica est\u00e3o Analista de licita\u00e7\u00f5es, Assessoria, Consultoria e Auditoria Interna de Laborat\u00f3rios Qu\u00edmicos. Das in\u00fameras possibilidades de neg\u00f3cios envolvendo Ci\u00eancia e Artes, gerenciou a empresa desde seu surgimento como um empreendimento individual, e estar\u00e1 focada at\u00e9 que este se torne um neg\u00f3cio de sucesso. <\/p>\n\n\n\n<p class=\"has-text-align-center has-very-dark-gray-color has-text-color has-medium-font-size\">Faz parte da <a href=\"https:\/\/www.crq4.org.br\/comissoes_esuperior\">Comiss\u00e3o T\u00e9cnica de Ensino <\/a><a href=\"https:\/\/www.crq4.org.br\/comissoes_esuperior\" target=\"_blank\" rel=\"noreferrer noopener\">Superior<\/a><a href=\"https:\/\/www.crq4.org.br\/comissoes_esuperior\"> do CRQIV<\/a> para o bi\u00eanio 2023-2024 e acaba de desenvolver atividades de ensino na UNESP Araraquara.<\/p>\n\n\n\n<p class=\"has-text-align-center has-very-dark-gray-color has-text-color has-medium-font-size\">Tem interesse na presta\u00e7\u00e3o de servi\u00e7os como o desenvolvimento e gest\u00e3o de projetos na \u00e1rea de Qu\u00edmica de Produtos Naturais e an\u00e1lise de projetos de patentes, desde seu planejamento \u00e0 execu\u00e7\u00e3o. A sua empresa este ano atuar\u00e1  nas \u00e1reas de eventos multiculturais e acad\u00eamicos, bem como lan\u00e7amentos de colet\u00e2neas de escrita de mulheres. No segundo semestre ter\u00e3o projetos envolvendo o com\u00e9rcio e exposi\u00e7\u00f5es de obras de artes, bem como oficinas, cursos e treinamentos.<\/p>\n\n\n\n<p class=\"has-text-align-center has-very-dark-gray-color has-text-color has-medium-font-size\">Desde o in\u00edcio da Pandemia, na Dire\u00e7\u00e3o Executiva da Empresa, Maria Nascimento esteve mergulhada em cursos de capacita\u00e7\u00e3o nas \u00e1reas de Qu\u00edmica, Tecnologia da Informa\u00e7\u00e3o, Artes e Literatura, bem como participando e planejando eventos acad\u00eamicos. Colocou a empresa na era digital planejando novos servi\u00e7os como os leil\u00f5es eletr\u00f4nicos, e-commerce e os servi\u00e7os de consultoria e assessoria. Aprofundou seus estudos em  auditoria interna de Laborat\u00f3rios com diversos cursos agregando \u00e0 sua pr\u00e9via experi\u00eancia de montagem de laborat\u00f3rios de ensino.<\/p>\n\n\n\n<p class=\"has-text-align-center has-very-dark-gray-color has-text-color has-medium-font-size\"> De volta \u00e0s suas atividades acad\u00eamicas com o Doutorado em Biotecnologia, trabalha na busca de novos f\u00e1rmacos e produ\u00e7\u00e3o de formula\u00e7\u00f5es visando agregar novos conhecimentos  aos seus servi\u00e7os profissionais sempre com foco no empreendedorismo e produ\u00e7\u00e3o de patentes.<\/p>\n\n\n\n<p class=\"has-text-align-center has-very-dark-gray-color has-text-color has-medium-font-size\">Junto com seu s\u00f3cio Aluizio dos Santos, trabalharam para elevar a empresa MN Ci\u00eancia e Arte Ltda a um  n\u00edvel de reconhecimento, com servi\u00e7os especializados nas \u00e1reas de eventos e artes, produziram experi\u00eancias inovadoras.<\/p>\n\n\n\n<p class=\"has-text-align-center has-very-dark-gray-color has-text-color has-medium-font-size\">No com\u00e9rcio de obras de arte, tem utilizado a plataforma de e-commerce sustent\u00e1vel BIOHUB. A curadoria de obras para exposi\u00e7\u00f5es e capacita\u00e7\u00e3o de artistas tamb\u00e9m foi uma das metas nos \u00faltimos dois anos e hoje  limita-se ao com\u00e9rcio digital na plataforma Biohub.<\/p>\n\n\n\n<p class=\"has-text-align-center has-very-dark-gray-color has-text-color has-medium-font-size\">Seu nome Maria Nascimento\u00ae  agora \u00e9 marca registrada no INPI, onde sua arte, seus textos e sua produ\u00e7\u00e3o em inova\u00e7\u00e3o fica preservada por registros de declara\u00e7\u00e3o de autoria e marcas devidamente registradas, quando for o caso. Sempre motivou os artistas a protegerem suas obras e seus projetos, tem assim forte parceria com a empresa<a href=\"https:\/\/hoodid.com\/\" target=\"_blank\" rel=\"noreferrer noopener\"> <span class=\"has-inline-color has-vivid-cyan-blue-color\"><strong>HoodId<\/strong><\/span><\/a>, onde possui seus registros. <\/p>\n\n\n\n<p class=\"has-text-align-center has-very-dark-gray-color has-text-color has-medium-font-size\">Sempre foi apaixonada por escrita e leitura, adepta de di\u00e1rios na adolesc\u00eancia, durante a pandemia assumiu seu lado escritora depois da Oficina de Escrita Criativa do PACC\/Letras\/UFRJ. Em 2022 finalmente aos 53 anos publica seu primeiro conto &#8220;Francisca&#8221; na Colet\u00e2nea &#8220;SOBRE NOSSAS AV\u00d3S &#8211; <em>mem\u00f3ria, resist\u00eancia e ancestralidade<\/em>&#8220;, organizada pela Professora Maria Aparecida Silva Ribeiro(UFS).<\/p>\n\n\n\n<p class=\"has-text-align-center has-very-dark-gray-color has-text-color has-medium-font-size\">As artes fazem parte de sua vida desde a inf\u00e2ncia, principalmente o desenho e a m\u00fasica que se manifestaram bem cedo como atividades durante toda a sua vida. Hoje estudante de violino, pr\u00e1tica tamb\u00e9m iniciada durante a pandemia, em 2022 realizou sua primeira apresenta\u00e7\u00e3o p\u00fablica no Teatro Municipal da Cidade de S\u00e3o Carlos sob Coordena\u00e7\u00e3o da Professora Rute Santiago da Escola Livre de M\u00fasica Maestro Jo\u00e3o Sepe e hoje tamb\u00e9m estuda teclado\/piano no Projeto 4 esta\u00e7\u00f5es com a Professora Juliana Gabriela Camargo Silva.<\/p>\n\n\n\n<p class=\"has-text-align-center has-very-dark-gray-color has-text-color has-medium-font-size\">Entre fam\u00edlia, carreira e hobbies, Maria Nascimento simplesmente vive intensamente suas paix\u00f5es fazendo o seu melhor, cada um a seu tempo, mas sempre preocupada em ter em seu cotidiano um equil\u00edbrio na sua qualidade de vida e daqueles que est\u00e3o ao seu redor. Acostumada a superar adversidades, v\u00ea a vida como uma escola com altos e baixos, onde o mais importante \u00e9 aprender, crescer e evoluir enquanto aproveita a paisagem.<\/p>\n\n\n\n<p><\/p>\n\n\n\n<p class=\"has-text-align-center has-very-dark-gray-color has-text-color has-medium-font-size\"> <\/p>\n\n\n\n<p class=\"has-text-align-center has-text-color has-background\" style=\"background-color:#ffffff;color:#093669;font-size:21px\"><strong> <em>Como cientista, artista e escritora, dedica-se a divulgar ci\u00eancia, arte e cultura<\/em><\/strong><\/p>\n\n\n\n<p class=\"has-text-align-center has-text-color has-background\" style=\"background-color:#ffffff;color:#093669;font-size:21px\"><strong>Percebe arte como investimento e a maior forma de express\u00e3o e bem estar, j\u00e1 na Ci\u00eancia tamb\u00e9m encontra seu importante papel como express\u00e3o criativa como um meio de trazer solu\u00e7\u00f5es \u00e1geis para a sociedade.<\/strong><\/p>\n\n\n\n<p class=\"has-text-align-center has-very-dark-gray-color has-text-color\" style=\"font-size:18px\">Experiente em trabalhar com equipes multidisciplinares, conduz a Empresa MN Ci\u00eancia e Arte Ltda rumo \u00e0 excel\u00eancia em oferecer produtos e servi\u00e7os em diversas \u00e1reas de conhecimento.<\/p>\n\n\n\n<p class=\"has-text-align-center has-very-dark-gray-color has-text-color\" style=\"font-size:18px\">Acredita na singularidade e na integra\u00e7\u00e3o dessas tr\u00eas \u00e1reas como forma de transformar vidas e vis\u00f5es a partir de projetos e eventos.<\/p>\n\n\n\n<p class=\"has-text-align-center has-text-color has-background\" style=\"background-color:#ffffff;color:#093669;font-size:21px\"><strong> <em>&#8220;Nosso maior diferencial, somos n\u00f3s a frente daquilo que amamos fazer.&#8221;<\/em><\/strong><\/p>\n\n\n\n<p class=\"has-text-align-right\"><strong>Maria Nascimento<\/strong><\/p>\n\n\n\n<p><\/p>\n\n\n\n<p class=\"has-text-color has-background\" style=\"background-color:#093669;color:#ffffff;font-size:25px\"><strong>Ci\u00eancias e Tecnologia<\/strong><\/p>\n\n\n\n<p class=\"has-text-align-center has-very-dark-gray-color has-text-color\" style=\"font-size:17px\">Professora experiente em Ensino e Pesquisa, ministrou palestras e cursos voltados \u00e0s \u00e1reas das Ci\u00eancias Qu\u00edmicas e Farmac\u00eauticas. Participou de projetos cient\u00edficos orientado alunos e montando laborat\u00f3rios de ensino e pesquisa.<\/p>\n\n\n\n<p class=\"has-text-align-center has-very-dark-gray-color has-text-color\" style=\"font-size:17px\">Sempre trabalhou em parceria com pesquisadores de diversas \u00e1reas e executou projetos tanto no setor p\u00fablico como privado. Interage com empresas do ramo de Inova\u00e7\u00e3o e Tecnologia de Informa\u00e7\u00e3o em busca de solu\u00e7\u00f5es e produtos tecnol\u00f3gicos e Inovadores.&nbsp;<\/p>\n\n\n\n<p class=\"has-text-align-center\">Cientista aut\u00f4noma se uniu a um Vision\u00e1rio investidor nesta jornada. Sempre viveu envolvida com arte e decidiu abra\u00e7ar a multidisciplinaridade como empreendimento. Assim, nasceu a MN Ci\u00eancia e Arte como Empresa promissora desenvolvendo servi\u00e7os e produtos altamente especializados aplicando as habilidades humanas em importantes parcerias para criar e trazer solu\u00e7\u00f5es inovadoras.<\/p>\n\n\n\n<p class=\"has-text-align-center\">Trabalha desde muito cedo com o digital e a computa\u00e7\u00e3o, com experi\u00eancia em programa\u00e7\u00e3o desde a gradua\u00e7\u00e3o e desenvolvimento de algoritmos desde o mestrado, tamb\u00e9m atuou no planejamento te\u00f3rico de novos f\u00e1rmacos.<\/p>\n\n\n\n<p><\/p>\n\n\n\n<p><\/p>\n\n\n\n<p><\/p>\n\n\n\n<p class=\"has-text-color has-background\" style=\"background-color:#093669;color:#ffffff;font-size:25px\"><strong>Artes<\/strong> <strong>Visuais e M\u00fasica<\/strong><\/p>\n\n\n\n<p class=\"has-text-align-center has-very-dark-gray-color has-text-color\" style=\"font-size:17px\">Como artista visual produziu diversas obras de Desenho com Carv\u00e3o e foi curadora inicialmente de suas pr\u00f3prias exposi\u00e7\u00f5es individuais e projetos. Hoje acumula a experi\u00eancia em organiza\u00e7\u00e3o de eventos, curadorias e com\u00e9rcio de obras de diversos artistas. Atuou na curadoria de Leil\u00f5es eletr\u00f4nicos e Galerias Virtuais nos \u00faltimos dois anos e hoje realiza o com\u00e9rcio de obras em plataforma de e-commerce, a Biohub Market.<\/p>\n\n\n\n<p class=\"has-text-align-center has-very-dark-gray-color has-text-color\" style=\"font-size:17px\">Tem apresentado seu trabalho art\u00edstico em revistas de Arte e Cultura como as Revistas Italiamiga e Arte &amp; Estilo. <\/p>\n\n\n\n<p class=\"has-text-align-center\">Estudou viol\u00e3o popular  na adolesc\u00eancia em sua cidade natal e viol\u00e3o cl\u00e1ssico em 2009 na Oficina Cultural S\u00e9rgio Buarque de Holanda &#8211; S\u00e3o Carlos. Em 2021 iniciou o estudo de violino na Escola Ritmo Conservat\u00f3rio &#8211; S\u00e3o Carlos, que tornou-se seu instrumento de pr\u00e1tica di\u00e1ria. Hoje estuda violino na Escola Maestro Jo\u00e3o Sepe\/S\u00e3o Carlos-SP.<\/p>\n\n\n\n<p><\/p>\n\n\n\n<p><\/p>\n\n\n\n<p class=\"has-text-color has-background\" style=\"background-color:#093669;color:#ffffff;font-size:25px\"><strong>Literatura<\/strong><\/p>\n\n\n\n<p class=\"has-text-align-center\">No per\u00edodo de 2020 a 2021 obteve muitas conquistas profissionais, entre elas a participa\u00e7\u00e3o de seus textos liter\u00e1rios, obras e projetos para as seguintes edi\u00e7\u00f5es: Projeto Livres Livros -PACC-UFRJ, Colet\u00e2nea Sobre Nossas Av\u00f3s &#8211; Mem\u00f3ria, resist\u00eancia e ancestralidade, Revistas As Pensadoras, Italiamiga e Arte &amp; Estilo, ainda aprovou projetos como o edital de artes visuais no CEMAC-S\u00e3o Carlos &#8211; Oficina de Desenho com Carv\u00e3o, Oficinas de Projetos Culturais -Agenda 2030 &#8211; Universidade do Minho-Portugal, Projeto Ali-SEBRAE-SP.<\/p>\n\n\n\n<p class=\"has-text-align-center\">Em 2022 finalmente realizou o sonho de publicar seu primeiro conto, g\u00eanero com o qual sempre se identificou, por\u00e9m s\u00f3 assumiu seu lado liter\u00e1rio ap\u00f3s fazer parte da Oficina Livre Livros\/PACC\/ Letras\/UFRJ durante a pandemia. Desde ent\u00e3o produziu diversos textos, sendo o primeiro a ser publicado o conto &#8220;FRANCISCA&#8221; na <a href=\"https:\/\/www.ponteseditores.com.br\/loja\/index.php?route=product\/product&amp;product_id=1608&amp;search=Nossas+\" target=\"_blank\" rel=\"noreferrer noopener\">colet\u00e2nea SOBRE NOSSAS AV\u00d3S<\/a>, organizada Pela Professora Maria Aparecida Ribeiro\/UFS.<\/p>\n\n\n\n<p><\/p>\n\n\n\n<p>Em Janeiro de 2023 teve o <a href=\"https:\/\/www.youtube.com\/watch?v=yO8trE64tkk\" target=\"_blank\" rel=\"noreferrer noopener\">lan\u00e7amento do livro &#8220;Manas na Estrada&#8221;<\/a>, fruto de sua participa\u00e7\u00e3o no Projeto &#8220;Livres Livros&#8221; da Universidade das Quebras com Coordena\u00e7\u00e3o do <a href=\"https:\/\/pacc.letras.ufrj.br\/\" target=\"_blank\" rel=\"noreferrer noopener\">PACC\/Letras\/UFRJ<\/a>, ocasi\u00e3o em que produziu diversos textos,entre eles &#8220;Nascemos mulheres e somos felizes&#8221;, que faz parte da colet\u00e2nea no e-book &#8220;Manas na Estrada&#8221;, dispon\u00edvel gratuitamente atrav\u00e9s do QR code a seguir.<\/p>\n\n\n\n<figure class=\"wp-block-image size-large\"><img fetchpriority=\"high\" decoding=\"async\" width=\"1024\" height=\"1024\" src=\"http:\/\/marianascimento.com.br\/wp-content\/uploads\/2023\/01\/IMG-20221212-WA0006-1024x1024.jpg\" alt=\"\" class=\"wp-image-1217\" srcset=\"https:\/\/marianascimento.com.br\/wp-content\/uploads\/2023\/01\/IMG-20221212-WA0006-1024x1024.jpg 1024w, https:\/\/marianascimento.com.br\/wp-content\/uploads\/2023\/01\/IMG-20221212-WA0006-300x300.jpg 300w, https:\/\/marianascimento.com.br\/wp-content\/uploads\/2023\/01\/IMG-20221212-WA0006-150x150.jpg 150w, https:\/\/marianascimento.com.br\/wp-content\/uploads\/2023\/01\/IMG-20221212-WA0006-768x768.jpg 768w, https:\/\/marianascimento.com.br\/wp-content\/uploads\/2023\/01\/IMG-20221212-WA0006.jpg 1080w\" sizes=\"(max-width: 1024px) 100vw, 1024px\" \/><\/figure>\n\n\n\n<p><\/p>\n\n\n\n<p class=\"has-text-color has-background\" style=\"background-color:#093669;color:#ffffff;font-size:25px\"> <strong>Cultura e Educa\u00e7\u00e3o<\/strong><\/p>\n\n\n\n<p><\/p>\n\n\n\n<p class=\"has-text-align-center\">Ao longo dos anos tem produzido eventos, inicialmente suas pr\u00f3prias exposi\u00e7\u00f5es e a partir de 2013 com a idealiza\u00e7\u00e3o da Exposi\u00e7\u00e3o itinerante &#8220;ILHA DAS COBRAS&#8221; e os desdobramentos causados pela mesma, passou a investir em exposi\u00e7\u00f5es, curadoria e eventos multiculturais agregando suas paix\u00f5es nas ci\u00eancias, artes e cultura.<\/p>\n\n\n\n<p class=\"has-text-align-center has-very-dark-gray-color has-text-color\" style=\"font-size:17px\">Como professora, faz do conhecimento uma forma de transforma\u00e7\u00e3o, desenvolve projetos sociais e eventos culturais. Ministrou diversos cursos nas \u00e1reas de Qu\u00edmica, em especial Farmacognosia, Fitoqu\u00edmica e S\u00edntese de F\u00e1rmacos entre outros.<\/p>\n\n\n\n<p class=\"has-text-align-center has-very-dark-gray-color has-text-color\" style=\"font-size:17px\">Tem trabalhado na elabora\u00e7\u00e3o de Cursos e Treinamentos em Qu\u00edmica de Produtos Naturais e na produ\u00e7\u00e3o de textos.<\/p>\n\n\n\n<p><\/p>\n","protected":false},"excerpt":{"rendered":"<p>Biografia Potiguar, nascida em 25 de outubro de 1968 em Natal-RN, afro-amer\u00edndia de ra\u00edzes paternas ind\u00edgena da Cidade de Mossor\u00f3-RN e materna Africanas do Estado da Para\u00edba, concluiu o t\u00e9cnico em Qu\u00edmica ainda na adolesc\u00eancia na Escola Estadual Professor Francisco Ivo Cavalcante\/RN e logo ingressou na UFRN-Universidade Federal do Rio Grande do Norte\/RN no Curso&hellip;<\/p>\n","protected":false},"author":1,"featured_media":0,"parent":0,"menu_order":0,"comment_status":"closed","ping_status":"closed","template":"","meta":{"footnotes":""},"class_list":["post-7","page","type-page","status-publish","hentry"],"_links":{"self":[{"href":"https:\/\/marianascimento.com.br\/index.php?rest_route=\/wp\/v2\/pages\/7","targetHints":{"allow":["GET"]}}],"collection":[{"href":"https:\/\/marianascimento.com.br\/index.php?rest_route=\/wp\/v2\/pages"}],"about":[{"href":"https:\/\/marianascimento.com.br\/index.php?rest_route=\/wp\/v2\/types\/page"}],"author":[{"embeddable":true,"href":"https:\/\/marianascimento.com.br\/index.php?rest_route=\/wp\/v2\/users\/1"}],"replies":[{"embeddable":true,"href":"https:\/\/marianascimento.com.br\/index.php?rest_route=%2Fwp%2Fv2%2Fcomments&post=7"}],"version-history":[{"count":0,"href":"https:\/\/marianascimento.com.br\/index.php?rest_route=\/wp\/v2\/pages\/7\/revisions"}],"wp:attachment":[{"href":"https:\/\/marianascimento.com.br\/index.php?rest_route=%2Fwp%2Fv2%2Fmedia&parent=7"}],"curies":[{"name":"wp","href":"https:\/\/api.w.org\/{rel}","templated":true}]}}